{"id":6181,"date":"2026-03-21T06:22:19","date_gmt":"2026-03-21T06:22:19","guid":{"rendered":"https:\/\/edumanagement.institute\/product\/reconfigurarea-paradigmelor-educationale-intr-un-context-international\/"},"modified":"2026-03-21T06:32:25","modified_gmt":"2026-03-21T06:32:25","slug":"reconfigurarea-paradigmelor-educationale-in-context-international","status":"publish","type":"product","link":"https:\/\/edumanagement.institute\/ro\/produs\/reconfigurarea-paradigmelor-educationale-in-context-international\/","title":{"rendered":"Reconfigurarea Paradigmelor Educa\u021bionale \u00een Context Interna\u021bional"},"content":{"rendered":"<p><strong>SCOPUL<\/strong> <strong>SIMPOZIONULUI:<\/strong><\/p>\n<p>Simpozionul Interna\u021bional \u201eReconfiguring Educational Paradigms in an International Context\/ <strong>Reconfigurarea Paradigmelor Educa\u021bionale \u00een Context Interna\u021bional\/ <\/strong>\u0420\u0435\u043a\u043e\u043d\u0444\u0438\u0433\u0443\u0440\u0438\u0440\u0430\u043d\u0435 \u043d\u0430 \u043e\u0431\u0440\u0430\u0437\u043e\u0432\u0430\u0442\u0435\u043b\u043d\u0438\u0442\u0435 \u043f\u0430\u0440\u0430\u0434\u0438\u0433\u043c\u0438 \u0432 \u043c\u0435\u0436\u0434\u0443\u043d\u0430\u0440\u043e\u0434\u0435\u043d \u043a\u043e\u043d\u0442\u0435\u043a\u0441\u0442\u201d are ca scop facilitarea schimbului interna\u021bional de idei, bune practici \u0219i modele inovatoare privind reconfigurarea paradigmelor educa\u021bionale, \u00een contextul transform\u0103rilor actuale din societate, precum \u0219i promovarea unei educa\u021bii moderne, centrate pe competen\u021be, adaptabilitate \u0219i colaborare interna\u021bional\u0103.<\/p>\n<p><strong>OBIECTIVELE SIMPOZIONULUI:<\/strong><\/p>\n<ol>\n<li>Promovarea excelen\u021bei \u0219i a reconfigur\u0103rii paradigmelor educa\u021bionale prin diseminarea practicilor didactice inovatoare \u0219i a rezultatelor cercet\u0103rii pedagogice la nivel interna\u021bional;<\/li>\n<li>Dezvoltarea \u0219i certificarea competen\u021belor profesionale ale cadrelor didactice prin implicarea \u00een activit\u0103\u021bi \u0219tiin\u021bifice, schimb de experien\u021b\u0103 \u0219i utilizarea metodelor moderne, digitale \u0219i interdisciplinare;<\/li>\n<li>Valorificarea produc\u021biei \u0219tiin\u021bifice a participan\u021bilor prin publicarea lucr\u0103rilor \u00een volumul simpozionului (cu ISSN), contribuind la vizibilitatea academic\u0103 \u0219i la portofoliul profesional;<\/li>\n<li>Ini\u021bierea \u0219i consolidarea parteneriatelor educa\u021bionale interna\u021bionale, \u00een vederea dezvolt\u0103rii de proiecte comune \u0219i transferului de bune practici;<\/li>\n<li>Stimularea particip\u0103rii cadrelor didactice la activit\u0103\u021bi de formare continu\u0103 \u0219i cercetare educa\u021bional\u0103, \u00een acord cu cerin\u021bele actuale ale sistemelor educa\u021bionale europene<\/li>\n<\/ol>\n<p><strong>TEMA:<\/strong><\/p>\n<p><strong>Reconfigurarea paradigmelor educa\u021bionale prin inova\u021bie pedagogic\u0103, digitalizare \u0219i colaborare interna\u021bional\u0103 vizeaz\u0103 analiza \u0219i promovarea unor modele educa\u021bionale moderne, adaptate transform\u0103rilor globale actuale<\/strong> &#8211; abord\u0103ri didactice inovatoare, integrarea eficient\u0103 a tehnologiilor digitale \u0219i dezvoltarea parteneriatelor educa\u021bionale interna\u021bionale, \u00een vederea form\u0103rii unor competen\u021be relevante pentru societatea contemporan\u0103 \u0219i pentru provoc\u0103rile viitorului.<\/p>\n<p><strong>PARTICIPAN\u021aI ELIGIBILI:<\/strong><\/p>\n<ul>\n<li>Cadre didactice din \u00eenv\u0103\u021b\u0103m\u00e2ntul preuniversitar \u0219i universitar (educatori, \u00eenv\u0103\u021b\u0103tori, profesori, lectori, profesori asisten\u021bi, profesori universitari).<\/li>\n<li>Personal didactic \u0219i administrativ din domeniul educa\u021bional (consilieri educa\u021bionali, inspectori \u0219colari, directori de unit\u0103\u021bi de \u00eenv\u0103\u021b\u0103m\u00e2nt, manageri academici) implica\u021bi \u00een dezvoltarea, implementarea \u0219i evaluarea strategiilor educa\u021bionale la nivel na\u021bional \u0219i interna\u021bional.<\/li>\n<\/ul>\n","protected":false},"excerpt":{"rendered":"<p>Participarea la Simpozionul Interna\u021bional \u201e<strong>Reconfigurarea Paradigmelor Educa\u021bionale \u00een Context Interna\u021bional<\/strong>\u201d<\/p>\n","protected":false},"featured_media":0,"comment_status":"open","ping_status":"closed","template":"","meta":[],"product_brand":[],"product_cat":[80],"product_tag":[],"class_list":{"0":"post-6181","1":"product","2":"type-product","3":"status-publish","5":"product_cat-evenimente-educationale","7":"first","8":"instock","9":"sold-individually","10":"taxable","11":"shipping-taxable","12":"product-type-variable","13":"has-default-attributes"},"jetpack_sharing_enabled":true,"_links":{"self":[{"href":"https:\/\/edumanagement.institute\/ro\/wp-json\/wp\/v2\/product\/6181","targetHints":{"allow":["GET"]}}],"collection":[{"href":"https:\/\/edumanagement.institute\/ro\/wp-json\/wp\/v2\/product"}],"about":[{"href":"https:\/\/edumanagement.institute\/ro\/wp-json\/wp\/v2\/types\/product"}],"replies":[{"embeddable":true,"href":"https:\/\/edumanagement.institute\/ro\/wp-json\/wp\/v2\/comments?post=6181"}],"wp:attachment":[{"href":"https:\/\/edumanagement.institute\/ro\/wp-json\/wp\/v2\/media?parent=6181"}],"wp:term":[{"taxonomy":"product_brand","embeddable":true,"href":"https:\/\/edumanagement.institute\/ro\/wp-json\/wp\/v2\/product_brand?post=6181"},{"taxonomy":"product_cat","embeddable":true,"href":"https:\/\/edumanagement.institute\/ro\/wp-json\/wp\/v2\/product_cat?post=6181"},{"taxonomy":"product_tag","embeddable":true,"href":"https:\/\/edumanagement.institute\/ro\/wp-json\/wp\/v2\/product_tag?post=6181"}],"curies":[{"name":"wp","href":"https:\/\/api.w.org\/{rel}","templated":true}]}}